{"id":170,"date":"2016-12-07T11:28:46","date_gmt":"2016-12-07T10:28:46","guid":{"rendered":"https:\/\/m-q.ch\/wp-content\/uploads\/2016\/12\/Mensch-und-Systeme-Das-war-der-Tag-der-Schweizer-Qualit\u00e4t-2016-6-management-und-qualitaet.jpg"},"modified":"2016-12-07T11:28:46","modified_gmt":"2016-12-07T10:28:46","slug":"lhomme-et-les-systemes-cetait-la-journee-de-la-qualite-suisse-2016-6-management-et-qualite","status":"inherit","type":"attachment","link":"https:\/\/www.m-q.ch\/fr\/mensch-und-systeme-das-war-der-tag-der-schweizer-qualitaet-2016-6-management-und-qualitaet\/","title":{"rendered":"humain-et-syst\u00e8mes-qu'\u00e9tait-le-jour-de-la-qualit\u00e9-2016-6-gestion-et-qualit\u00e9"},"author":1,"featured_media":0,"comment_status":"open","ping_status":"closed","template":"","meta":{"_acf_changed":false},"class_list":["post-170","attachment","type-attachment","status-inherit","hentry"],"acf":[],"yoast_head":"<!-- This site is optimized with the Yoast SEO plugin v26.2 - https:\/\/yoast.com\/wordpress\/plugins\/seo\/ -->\n<title>mensch-und-systeme-das-war-der-tag-der-schweizer-qualitaet-2016-6-management-und-qualitaet - MQ Management und Qualit\u00e4t<\/title>\n<meta name=\"robots\" content=\"index, follow, max-snippet:-1, max-image-preview:large, max-video-preview:-1\" \/>\n<link rel=\"canonical\" href=\"https:\/\/www.m-q.ch\/wp-content\/uploads\/2016\/12\/Mensch-und-Systeme-Das-war-der-Tag-der-Schweizer-Qualit\u00e4t-2016-6-management-und-qualitaet.jpg\" \/>\n<meta property=\"og:locale\" content=\"fr_FR\" \/>\n<meta property=\"og:type\" content=\"article\" \/>\n<meta property=\"og:title\" content=\"mensch-und-systeme-das-war-der-tag-der-schweizer-qualitaet-2016-6-management-und-qualitaet - MQ Management und Qualit\u00e4t\" \/>\n<meta property=\"og:url\" content=\"https:\/\/www.m-q.ch\/wp-content\/uploads\/2016\/12\/Mensch-und-Systeme-Das-war-der-Tag-der-Schweizer-Qualit\u00e4t-2016-6-management-und-qualitaet.jpg\" \/>\n<meta property=\"og:site_name\" content=\"MQ Management und Qualit\u00e4t\" \/>\n<meta property=\"article:publisher\" content=\"https:\/\/www.facebook.com\/ManagementUndQualitaet\" \/>\n<meta property=\"og:image\" content=\"https:\/\/www.m-q.ch\/wp-content\/uploads\/2016\/12\/Mensch-und-Systeme-Das-war-der-Tag-der-Schweizer-Qualit\u00e4t-2016-6-management-und-qualitaet.jpg\" \/>\n\t<meta property=\"og:image:width\" content=\"2400\" \/>\n\t<meta property=\"og:image:height\" content=\"1910\" \/>\n\t<meta property=\"og:image:type\" content=\"image\/jpeg\" \/>\n<meta name=\"twitter:card\" content=\"summary_large_image\" \/>\n<script type=\"application\/ld+json\" class=\"yoast-schema-graph\">{\"@context\":\"https:\/\/schema.org\",\"@graph\":[{\"@type\":\"WebPage\",\"@id\":\"https:\/\/www.m-q.ch\/wp-content\/uploads\/2016\/12\/Mensch-und-Systeme-Das-war-der-Tag-der-Schweizer-Qualit\u00e4t-2016-6-management-und-qualitaet.jpg\",\"url\":\"https:\/\/www.m-q.ch\/wp-content\/uploads\/2016\/12\/Mensch-und-Systeme-Das-war-der-Tag-der-Schweizer-Qualit\u00e4t-2016-6-management-und-qualitaet.jpg\",\"name\":\"mensch-und-systeme-das-war-der-tag-der-schweizer-qualitaet-2016-6-management-und-qualitaet - MQ Management und Qualit\u00e4t\",\"isPartOf\":{\"@id\":\"https:\/\/www.m-q.ch\/fr\/#website\"},\"datePublished\":\"2016-12-07T10:28:46+00:00\",\"inLanguage\":\"fr-FR\",\"potentialAction\":[{\"@type\":\"ReadAction\",\"target\":[\"https:\/\/www.m-q.ch\/wp-content\/uploads\/2016\/12\/Mensch-und-Systeme-Das-war-der-Tag-der-Schweizer-Qualit\u00e4t-2016-6-management-und-qualitaet.jpg\"]}]},{\"@type\":\"WebSite\",\"@id\":\"https:\/\/www.m-q.ch\/fr\/#website\",\"url\":\"https:\/\/www.m-q.ch\/fr\/\",\"name\":\"MQ Management und Qualit\u00e4t\",\"description\":\"Plattform f\u00fcr integrierte Managementsysteme.\",\"publisher\":{\"@id\":\"https:\/\/www.m-q.ch\/fr\/#organization\"},\"potentialAction\":[{\"@type\":\"SearchAction\",\"target\":{\"@type\":\"EntryPoint\",\"urlTemplate\":\"https:\/\/www.m-q.ch\/fr\/?s={search_term_string}\"},\"query-input\":{\"@type\":\"PropertyValueSpecification\",\"valueRequired\":true,\"valueName\":\"search_term_string\"}}],\"inLanguage\":\"fr-FR\"},{\"@type\":\"Organization\",\"@id\":\"https:\/\/www.m-q.ch\/fr\/#organization\",\"name\":\"Galledia Fachmedien AG\",\"url\":\"https:\/\/www.m-q.ch\/fr\/\",\"logo\":{\"@type\":\"ImageObject\",\"inLanguage\":\"fr-FR\",\"@id\":\"https:\/\/www.m-q.ch\/fr\/#\/schema\/logo\/image\/\",\"url\":\"https:\/\/www.m-q.ch\/wp-content\/uploads\/2020\/12\/cropped-logo_small.png\",\"contentUrl\":\"https:\/\/www.m-q.ch\/wp-content\/uploads\/2020\/12\/cropped-logo_small.png\",\"width\":512,\"height\":512,\"caption\":\"Galledia Fachmedien AG\"},\"image\":{\"@id\":\"https:\/\/www.m-q.ch\/fr\/#\/schema\/logo\/image\/\"},\"sameAs\":[\"https:\/\/www.facebook.com\/ManagementUndQualitaet\",\"https:\/\/www.linkedin.com\/showcase\/17982321\/admin\/\"]}]}<\/script>\n<!-- \/ Yoast SEO plugin. -->","yoast_head_json":{"title":"human-and-systems-that-was-the-day-of-swiss-quality-2016-6-management-and-quality - MQ Management und Qualit\u00e4t","robots":{"index":"index","follow":"follow","max-snippet":"max-snippet:-1","max-image-preview":"max-image-preview:large","max-video-preview":"max-video-preview:-1"},"canonical":"https:\/\/www.m-q.ch\/wp-content\/uploads\/2016\/12\/Mensch-und-Systeme-Das-war-der-Tag-der-Schweizer-Qualit\u00e4t-2016-6-management-und-qualitaet.jpg","og_locale":"fr_FR","og_type":"article","og_title":"mensch-und-systeme-das-war-der-tag-der-schweizer-qualitaet-2016-6-management-und-qualitaet - MQ Management und Qualit\u00e4t","og_url":"https:\/\/www.m-q.ch\/wp-content\/uploads\/2016\/12\/Mensch-und-Systeme-Das-war-der-Tag-der-Schweizer-Qualit\u00e4t-2016-6-management-und-qualitaet.jpg","og_site_name":"MQ Management und Qualit\u00e4t","article_publisher":"https:\/\/www.facebook.com\/ManagementUndQualitaet","og_image":[{"width":2400,"height":1910,"url":"https:\/\/www.m-q.ch\/wp-content\/uploads\/2016\/12\/Mensch-und-Systeme-Das-war-der-Tag-der-Schweizer-Qualit\u00e4t-2016-6-management-und-qualitaet.jpg","type":"image\/jpeg"}],"twitter_card":"summary_large_image","schema":{"@context":"https:\/\/schema.org","@graph":[{"@type":"WebPage","@id":"https:\/\/www.m-q.ch\/wp-content\/uploads\/2016\/12\/Mensch-und-Systeme-Das-war-der-Tag-der-Schweizer-Qualit\u00e4t-2016-6-management-und-qualitaet.jpg","url":"https:\/\/www.m-q.ch\/wp-content\/uploads\/2016\/12\/Mensch-und-Systeme-Das-war-der-Tag-der-Schweizer-Qualit\u00e4t-2016-6-management-und-qualitaet.jpg","name":"human-and-systems-that-was-the-day-of-swiss-quality-2016-6-management-and-quality - MQ Management und Qualit\u00e4t","isPartOf":{"@id":"https:\/\/www.m-q.ch\/fr\/#website"},"datePublished":"2016-12-07T10:28:46+00:00","inLanguage":"fr-FR","potentialAction":[{"@type":"ReadAction","target":["https:\/\/www.m-q.ch\/wp-content\/uploads\/2016\/12\/Mensch-und-Systeme-Das-war-der-Tag-der-Schweizer-Qualit\u00e4t-2016-6-management-und-qualitaet.jpg"]}]},{"@type":"WebSite","@id":"https:\/\/www.m-q.ch\/fr\/#website","url":"https:\/\/www.m-q.ch\/fr\/","name":"Gestion et qualit\u00e9 du QM","description":"Plate-forme pour les syst\u00e8mes de gestion int\u00e9gr\u00e9e.","publisher":{"@id":"https:\/\/www.m-q.ch\/fr\/#organization"},"potentialAction":[{"@type":"SearchAction","target":{"@type":"EntryPoint","urlTemplate":"https:\/\/www.m-q.ch\/fr\/?s={search_term_string}"},"query-input":{"@type":"PropertyValueSpecification","valueRequired":true,"valueName":"search_term_string"}}],"inLanguage":"fr-FR"},{"@type":"Organization","@id":"https:\/\/www.m-q.ch\/fr\/#organization","name":"Galledia Trade Media AG","url":"https:\/\/www.m-q.ch\/fr\/","logo":{"@type":"ImageObject","inLanguage":"fr-FR","@id":"https:\/\/www.m-q.ch\/fr\/#\/schema\/logo\/image\/","url":"https:\/\/www.m-q.ch\/wp-content\/uploads\/2020\/12\/cropped-logo_small.png","contentUrl":"https:\/\/www.m-q.ch\/wp-content\/uploads\/2020\/12\/cropped-logo_small.png","width":512,"height":512,"caption":"Galledia Fachmedien AG"},"image":{"@id":"https:\/\/www.m-q.ch\/fr\/#\/schema\/logo\/image\/"},"sameAs":["https:\/\/www.facebook.com\/ManagementUndQualitaet","https:\/\/www.linkedin.com\/showcase\/17982321\/admin\/"]}]}},"description":{"rendered":"<p class=\"attachment\"><a href='https:\/\/www.m-q.ch\/wp-content\/uploads\/2016\/12\/Mensch-und-Systeme-Das-war-der-Tag-der-Schweizer-Qualit\u00e4t-2016-6-management-und-qualitaet.jpg'><img loading=\"lazy\" decoding=\"async\" width=\"680\" height=\"541\" src=\"https:\/\/www.m-q.ch\/wp-content\/uploads\/2016\/12\/Mensch-und-Systeme-Das-war-der-Tag-der-Schweizer-Qualit\u00e4t-2016-6-management-und-qualitaet-680x541.jpg\" class=\"attachment-medium size-medium\" alt=\"\" srcset=\"https:\/\/www.m-q.ch\/wp-content\/uploads\/2016\/12\/Mensch-und-Systeme-Das-war-der-Tag-der-Schweizer-Qualit\u00e4t-2016-6-management-und-qualitaet-680x541.jpg 680w, https:\/\/www.m-q.ch\/wp-content\/uploads\/2016\/12\/Mensch-und-Systeme-Das-war-der-Tag-der-Schweizer-Qualit\u00e4t-2016-6-management-und-qualitaet-768x611.jpg 768w, https:\/\/www.m-q.ch\/wp-content\/uploads\/2016\/12\/Mensch-und-Systeme-Das-war-der-Tag-der-Schweizer-Qualit\u00e4t-2016-6-management-und-qualitaet-1536x1222.jpg 1536w, https:\/\/www.m-q.ch\/wp-content\/uploads\/2016\/12\/Mensch-und-Systeme-Das-war-der-Tag-der-Schweizer-Qualit\u00e4t-2016-6-management-und-qualitaet-2048x1630.jpg 2048w, https:\/\/www.m-q.ch\/wp-content\/uploads\/2016\/12\/Mensch-und-Systeme-Das-war-der-Tag-der-Schweizer-Qualit\u00e4t-2016-6-management-und-qualitaet-16x12.jpg 16w, https:\/\/www.m-q.ch\/wp-content\/uploads\/2016\/12\/Mensch-und-Systeme-Das-war-der-Tag-der-Schweizer-Qualit\u00e4t-2016-6-management-und-qualitaet-220x175.jpg 220w, https:\/\/www.m-q.ch\/wp-content\/uploads\/2016\/12\/Mensch-und-Systeme-Das-war-der-Tag-der-Schweizer-Qualit\u00e4t-2016-6-management-und-qualitaet-440x350.jpg 440w, https:\/\/www.m-q.ch\/wp-content\/uploads\/2016\/12\/Mensch-und-Systeme-Das-war-der-Tag-der-Schweizer-Qualit\u00e4t-2016-6-management-und-qualitaet-1005x800.jpg 1005w, https:\/\/www.m-q.ch\/wp-content\/uploads\/2016\/12\/Mensch-und-Systeme-Das-war-der-Tag-der-Schweizer-Qualit\u00e4t-2016-6-management-und-qualitaet-920x732.jpg 920w, https:\/\/www.m-q.ch\/wp-content\/uploads\/2016\/12\/Mensch-und-Systeme-Das-war-der-Tag-der-Schweizer-Qualit\u00e4t-2016-6-management-und-qualitaet-1400x1114.jpg 1400w, https:\/\/www.m-q.ch\/wp-content\/uploads\/2016\/12\/Mensch-und-Systeme-Das-war-der-Tag-der-Schweizer-Qualit\u00e4t-2016-6-management-und-qualitaet-1759x1400.jpg 1759w, https:\/\/www.m-q.ch\/wp-content\/uploads\/2016\/12\/Mensch-und-Systeme-Das-war-der-Tag-der-Schweizer-Qualit\u00e4t-2016-6-management-und-qualitaet-300x239.jpg 300w, https:\/\/www.m-q.ch\/wp-content\/uploads\/2016\/12\/Mensch-und-Systeme-Das-war-der-Tag-der-Schweizer-Qualit\u00e4t-2016-6-management-und-qualitaet-1024x815.jpg 1024w, https:\/\/www.m-q.ch\/wp-content\/uploads\/2016\/12\/Mensch-und-Systeme-Das-war-der-Tag-der-Schweizer-Qualit\u00e4t-2016-6-management-und-qualitaet-624x497.jpg 624w\" sizes=\"auto, (max-width: 680px) 100vw, 680px\" \/><\/a><\/p>\n"},"caption":{"rendered":""},"alt_text":"","media_type":"image","mime_type":"image\/jpeg","media_details":{"width":2400,"height":1910,"file":"2016\/12\/Mensch-und-Systeme-Das-war-der-Tag-der-Schweizer-Qualit\u00e4t-2016-6-management-und-qualitaet.jpg","sizes":{"medium_large":{"file":"Mensch-und-Systeme-Das-war-der-Tag-der-Schweizer-Qualit\u00e4t-2016-6-management-und-qualitaet-768x611.jpg","width":768,"height":611,"mime_type":"image\/jpeg","source_url":"https:\/\/www.m-q.ch\/wp-content\/uploads\/2016\/12\/Mensch-und-Systeme-Das-war-der-Tag-der-Schweizer-Qualit\u00e4t-2016-6-management-und-qualitaet-768x611.jpg"},"1536x1536":{"file":"Mensch-und-Systeme-Das-war-der-Tag-der-Schweizer-Qualit\u00e4t-2016-6-management-und-qualitaet-1536x1222.jpg","width":1536,"height":1222,"mime_type":"image\/jpeg","source_url":"https:\/\/www.m-q.ch\/wp-content\/uploads\/2016\/12\/Mensch-und-Systeme-Das-war-der-Tag-der-Schweizer-Qualit\u00e4t-2016-6-management-und-qualitaet-1536x1222.jpg"},"2048x2048":{"file":"Mensch-und-Systeme-Das-war-der-Tag-der-Schweizer-Qualit\u00e4t-2016-6-management-und-qualitaet-2048x1630.jpg","width":2048,"height":1630,"mime_type":"image\/jpeg","source_url":"https:\/\/www.m-q.ch\/wp-content\/uploads\/2016\/12\/Mensch-und-Systeme-Das-war-der-Tag-der-Schweizer-Qualit\u00e4t-2016-6-management-und-qualitaet-2048x1630.jpg"},"trp-custom-language-flag":{"file":"Mensch-und-Systeme-Das-war-der-Tag-der-Schweizer-Qualit\u00e4t-2016-6-management-und-qualitaet-16x12.jpg","width":16,"height":12,"mime_type":"image\/jpeg","source_url":"https:\/\/www.m-q.ch\/wp-content\/uploads\/2016\/12\/Mensch-und-Systeme-Das-war-der-Tag-der-Schweizer-Qualit\u00e4t-2016-6-management-und-qualitaet-16x12.jpg"},"thumbnail-small":{"file":"Mensch-und-Systeme-Das-war-der-Tag-der-Schweizer-Qualit\u00e4t-2016-6-management-und-qualitaet-220x175.jpg","width":220,"height":175,"mime_type":"image\/jpeg","source_url":"https:\/\/www.m-q.ch\/wp-content\/uploads\/2016\/12\/Mensch-und-Systeme-Das-war-der-Tag-der-Schweizer-Qualit\u00e4t-2016-6-management-und-qualitaet-220x175.jpg"},"thumbnail-medium":{"file":"Mensch-und-Systeme-Das-war-der-Tag-der-Schweizer-Qualit\u00e4t-2016-6-management-und-qualitaet-440x350.jpg","width":440,"height":350,"mime_type":"image\/jpeg","source_url":"https:\/\/www.m-q.ch\/wp-content\/uploads\/2016\/12\/Mensch-und-Systeme-Das-war-der-Tag-der-Schweizer-Qualit\u00e4t-2016-6-management-und-qualitaet-440x350.jpg"},"thumbnail-large":{"file":"Mensch-und-Systeme-Das-war-der-Tag-der-Schweizer-Qualit\u00e4t-2016-6-management-und-qualitaet-1005x800.jpg","width":1005,"height":800,"mime_type":"image\/jpeg","source_url":"https:\/\/www.m-q.ch\/wp-content\/uploads\/2016\/12\/Mensch-und-Systeme-Das-war-der-Tag-der-Schweizer-Qualit\u00e4t-2016-6-management-und-qualitaet-1005x800.jpg"},"content-small":{"file":"Mensch-und-Systeme-Das-war-der-Tag-der-Schweizer-Qualit\u00e4t-2016-6-management-und-qualitaet-920x732.jpg","width":920,"height":732,"mime_type":"image\/jpeg","source_url":"https:\/\/www.m-q.ch\/wp-content\/uploads\/2016\/12\/Mensch-und-Systeme-Das-war-der-Tag-der-Schweizer-Qualit\u00e4t-2016-6-management-und-qualitaet-920x732.jpg"},"content-medium":{"file":"Mensch-und-Systeme-Das-war-der-Tag-der-Schweizer-Qualit\u00e4t-2016-6-management-und-qualitaet-1400x1114.jpg","width":1400,"height":1114,"mime_type":"image\/jpeg","source_url":"https:\/\/www.m-q.ch\/wp-content\/uploads\/2016\/12\/Mensch-und-Systeme-Das-war-der-Tag-der-Schweizer-Qualit\u00e4t-2016-6-management-und-qualitaet-1400x1114.jpg"},"content-large":{"file":"Mensch-und-Systeme-Das-war-der-Tag-der-Schweizer-Qualit\u00e4t-2016-6-management-und-qualitaet-1759x1400.jpg","width":1759,"height":1400,"mime_type":"image\/jpeg","source_url":"https:\/\/www.m-q.ch\/wp-content\/uploads\/2016\/12\/Mensch-und-Systeme-Das-war-der-Tag-der-Schweizer-Qualit\u00e4t-2016-6-management-und-qualitaet-1759x1400.jpg"},"tptn_thumbnail":{"file":"Mensch-und-Systeme-Das-war-der-Tag-der-Schweizer-Qualit\u00e4t-2016-6-management-und-qualitaet-250x250.jpg","width":250,"height":250,"mime_type":"image\/jpeg","source_url":"https:\/\/www.m-q.ch\/wp-content\/uploads\/2016\/12\/Mensch-und-Systeme-Das-war-der-Tag-der-Schweizer-Qualit\u00e4t-2016-6-management-und-qualitaet-250x250.jpg"},"woocommerce_thumbnail":{"file":"Mensch-und-Systeme-Das-war-der-Tag-der-Schweizer-Qualit\u00e4t-2016-6-management-und-qualitaet-150x150.jpg","width":150,"height":150,"uncropped":false,"mime_type":"image\/jpeg","source_url":"https:\/\/www.m-q.ch\/wp-content\/uploads\/2016\/12\/Mensch-und-Systeme-Das-war-der-Tag-der-Schweizer-Qualit\u00e4t-2016-6-management-und-qualitaet-150x150.jpg"},"woocommerce_single":{"file":"Mensch-und-Systeme-Das-war-der-Tag-der-Schweizer-Qualit\u00e4t-2016-6-management-und-qualitaet-300x239.jpg","width":300,"height":239,"mime_type":"image\/jpeg","source_url":"https:\/\/www.m-q.ch\/wp-content\/uploads\/2016\/12\/Mensch-und-Systeme-Das-war-der-Tag-der-Schweizer-Qualit\u00e4t-2016-6-management-und-qualitaet-300x239.jpg"},"woocommerce_gallery_thumbnail":{"file":"Mensch-und-Systeme-Das-war-der-Tag-der-Schweizer-Qualit\u00e4t-2016-6-management-und-qualitaet-100x100.jpg","width":100,"height":100,"mime_type":"image\/jpeg","source_url":"https:\/\/www.m-q.ch\/wp-content\/uploads\/2016\/12\/Mensch-und-Systeme-Das-war-der-Tag-der-Schweizer-Qualit\u00e4t-2016-6-management-und-qualitaet-100x100.jpg"},"shop_catalog":{"file":"Mensch-und-Systeme-Das-war-der-Tag-der-Schweizer-Qualit\u00e4t-2016-6-management-und-qualitaet-150x150.jpg","width":150,"height":150,"mime_type":"image\/jpeg","source_url":"https:\/\/www.m-q.ch\/wp-content\/uploads\/2016\/12\/Mensch-und-Systeme-Das-war-der-Tag-der-Schweizer-Qualit\u00e4t-2016-6-management-und-qualitaet-150x150.jpg"},"shop_single":{"file":"Mensch-und-Systeme-Das-war-der-Tag-der-Schweizer-Qualit\u00e4t-2016-6-management-und-qualitaet-300x239.jpg","width":300,"height":239,"mime_type":"image\/jpeg","source_url":"https:\/\/www.m-q.ch\/wp-content\/uploads\/2016\/12\/Mensch-und-Systeme-Das-war-der-Tag-der-Schweizer-Qualit\u00e4t-2016-6-management-und-qualitaet-300x239.jpg"},"shop_thumbnail":{"file":"Mensch-und-Systeme-Das-war-der-Tag-der-Schweizer-Qualit\u00e4t-2016-6-management-und-qualitaet-100x100.jpg","width":100,"height":100,"mime_type":"image\/jpeg","source_url":"https:\/\/www.m-q.ch\/wp-content\/uploads\/2016\/12\/Mensch-und-Systeme-Das-war-der-Tag-der-Schweizer-Qualit\u00e4t-2016-6-management-und-qualitaet-100x100.jpg"},"medium":{"file":"Mensch-und-Systeme-Das-war-der-Tag-der-Schweizer-Qualit\u00e4t-2016-6-management-und-qualitaet-680x541.jpg","width":680,"height":541,"mime_type":"image\/jpeg","source_url":"https:\/\/www.m-q.ch\/wp-content\/uploads\/2016\/12\/Mensch-und-Systeme-Das-war-der-Tag-der-Schweizer-Qualit\u00e4t-2016-6-management-und-qualitaet-680x541.jpg"},"large":{"file":"Mensch-und-Systeme-Das-war-der-Tag-der-Schweizer-Qualit\u00e4t-2016-6-management-und-qualitaet-1024x815.jpg","width":1024,"height":815,"mime_type":"image\/jpeg","source_url":"https:\/\/www.m-q.ch\/wp-content\/uploads\/2016\/12\/Mensch-und-Systeme-Das-war-der-Tag-der-Schweizer-Qualit\u00e4t-2016-6-management-und-qualitaet-1024x815.jpg"},"thumbnail":{"file":"Mensch-und-Systeme-Das-war-der-Tag-der-Schweizer-Qualit\u00e4t-2016-6-management-und-qualitaet-220x220.jpg","width":220,"height":220,"mime_type":"image\/jpeg","source_url":"https:\/\/www.m-q.ch\/wp-content\/uploads\/2016\/12\/Mensch-und-Systeme-Das-war-der-Tag-der-Schweizer-Qualit\u00e4t-2016-6-management-und-qualitaet-220x220.jpg"},"post-thumbnail":{"file":"Mensch-und-Systeme-Das-war-der-Tag-der-Schweizer-Qualit\u00e4t-2016-6-management-und-qualitaet-624x497.jpg","width":624,"height":497,"mime_type":"image\/jpeg","source_url":"https:\/\/www.m-q.ch\/wp-content\/uploads\/2016\/12\/Mensch-und-Systeme-Das-war-der-Tag-der-Schweizer-Qualit\u00e4t-2016-6-management-und-qualitaet-624x497.jpg"},"full":{"file":"Mensch-und-Systeme-Das-war-der-Tag-der-Schweizer-Qualit\u00e4t-2016-6-management-und-qualitaet.jpg","width":2400,"height":1910,"mime_type":"image\/jpeg","source_url":"https:\/\/www.m-q.ch\/wp-content\/uploads\/2016\/12\/Mensch-und-Systeme-Das-war-der-Tag-der-Schweizer-Qualit\u00e4t-2016-6-management-und-qualitaet.jpg"}},"image_meta":{"aperture":"0","credit":"","camera":"","caption":"","created_timestamp":"0","copyright":"","focal_length":"0","iso":"0","shutter_speed":"0","title":"","orientation":"0","keywords":[]}},"post":null,"source_url":"https:\/\/www.m-q.ch\/wp-content\/uploads\/2016\/12\/Mensch-und-Systeme-Das-war-der-Tag-der-Schweizer-Qualit\u00e4t-2016-6-management-und-qualitaet.jpg","_links":{"self":[{"href":"https:\/\/www.m-q.ch\/fr\/wp-json\/wp\/v2\/media\/170","targetHints":{"allow":["GET"]}}],"collection":[{"href":"https:\/\/www.m-q.ch\/fr\/wp-json\/wp\/v2\/media"}],"about":[{"href":"https:\/\/www.m-q.ch\/fr\/wp-json\/wp\/v2\/types\/attachment"}],"author":[{"embeddable":true,"href":"https:\/\/www.m-q.ch\/fr\/wp-json\/wp\/v2\/users\/1"}]}}